{"id":4318,"date":"2025-02-22T21:42:55","date_gmt":"2025-02-23T00:42:55","guid":{"rendered":"https:\/\/iesbolivar-cba.infd.edu.ar\/sitio\/?page_id=4318"},"modified":"2026-04-02T21:33:58","modified_gmt":"2026-04-03T00:33:58","slug":"area-de-desarrollo-profesional-docente","status":"publish","type":"page","link":"https:\/\/iesbolivar-cba.infd.edu.ar\/sitio\/area-de-desarrollo-profesional-docente\/","title":{"rendered":"FORMACION PERMANENTE"},"content":{"rendered":"\n<p>La formaci\u00f3n docente es un pilar fundamental de la Educaci\u00f3n Superior, un proceso constante de perfeccionamiento y actualizaci\u00f3n profesional (Ley de Educaci\u00f3n Nacional 26.206, art. 43). Desde el D<strong>EPA IES SIM\u00d3N BOL\u00cdVAR generamos este espacio para que los docentes sean protagonistas de su propio aprendizaje, construyendo recursos para brindar a los estudiantes las mejores herramientas para un aprendizaje significativo.<\/strong><\/p>\n\n\n\n<p class=\"has-text-color\" style=\"color:#1511e6;font-size:31px\"><strong>Nuestra propuesta de cursos<\/strong><\/p>\n\n\n\n<p>Te presentamos las propuestas que inician en esta etapa. Cada curso ha sido cuidadosamente dise\u00f1ado para ofrecerte herramientas pr\u00e1cticas y estrategias innovadoras. <strong>Te ofrecemos<\/strong> <\/p>\n\n\n\n<div class=\"wp-block-buttons has-custom-font-size has-medium-font-size is-content-justification-center is-layout-flex wp-container-1\">\n<div class=\"wp-block-button has-custom-width wp-block-button__width-50\"><a class=\"wp-block-button__link has-background wp-element-button\" style=\"background-color:#0f20e4\">CURSOS CON PUNTAJE DOCENTE<\/a><\/div>\n\n\n\n<div class=\"wp-block-button has-custom-width wp-block-button__width-50\"><a class=\"wp-block-button__link has-background wp-element-button\" style=\"background-color:#104fed\">CURSOS DECLARADOS DE INTER\u00c9S EDUCATIVO<\/a><\/div>\n\n\n\n<div class=\"wp-block-button has-custom-width wp-block-button__width-50 is-style-fill\"><a class=\"wp-block-button__link has-base-3-color has-text-color has-background wp-element-button\" style=\"background-color:#2521ea\">CURSOS de actualizaci\u00f3n m\u00e1s all\u00e1 del puntaje <\/a><\/div>\n<\/div>\n\n\n\n<p class=\"has-text-align-center has-text-color\" style=\"color:#af27d1;font-size:24px\"><\/p>\n\n\n\n<p class=\"has-text-color\" style=\"color:#c93796;font-size:27px\"><strong>CURSOS CON INSCRIPCI\u00d3N ABIERTA<\/strong><\/p>\n\n\n\n<figure class=\"wp-block-table alignwide is-style-regular has-medium-font-size\"><table class=\"has-contrast-color has-text-color has-fixed-layout\"><tbody><tr><td class=\"has-text-align-center\" data-align=\"center\"><img decoding=\"async\" loading=\"lazy\" width=\"1414\" height=\"2000\" class=\"wp-image-4591\" style=\"width: 400px;\" src=\"https:\/\/iesbolivar-cba.infd.edu.ar\/sitio\/wp-content\/uploads\/2026\/04\/afiche-ECOPEDAGOGIA.jpg\" alt=\"\" srcset=\"https:\/\/iesbolivar-cba.infd.edu.ar\/sitio\/wp-content\/uploads\/2026\/04\/afiche-ECOPEDAGOGIA.jpg 1414w, https:\/\/iesbolivar-cba.infd.edu.ar\/sitio\/wp-content\/uploads\/2026\/04\/afiche-ECOPEDAGOGIA-707x1000.jpg 707w, https:\/\/iesbolivar-cba.infd.edu.ar\/sitio\/wp-content\/uploads\/2026\/04\/afiche-ECOPEDAGOGIA-1343x1900.jpg 1343w, https:\/\/iesbolivar-cba.infd.edu.ar\/sitio\/wp-content\/uploads\/2026\/04\/afiche-ECOPEDAGOGIA-768x1086.jpg 768w, https:\/\/iesbolivar-cba.infd.edu.ar\/sitio\/wp-content\/uploads\/2026\/04\/afiche-ECOPEDAGOGIA-1086x1536.jpg 1086w\" sizes=\"(max-width: 1414px) 100vw, 1414px\" \/><\/td><td><\/td><td><\/td><\/tr><tr><td class=\"has-text-align-center\" data-align=\"center\"><strong>ECOPEDAGOG\u00cdA EN ACCI\u00d3N: ESTRATEGIAS PARA LA EDUCACI\u00d3N AMBIENTAL INTEGRAL EN EL AULA<\/strong><\/td><td><\/td><td><\/td><\/tr><tr><td class=\"has-text-align-center\" data-align=\"center\"><a href=\"https:\/\/iesbolivar-cba.infd.edu.ar\/sitio\/la-alimentacion-saludable-contenido-transversal-en-niveles-inicial-primario-secundario-y-superior\/\" data-type=\"URL\" data-id=\"https:\/\/iesbolivar-cba.infd.edu.ar\/sitio\/la-alimentacion-saludable-contenido-transversal-en-niveles-inicial-primario-secundario-y-superior\/\">MAS INFORMACI\u00d3N<\/a><\/td><td><\/td><td><\/td><\/tr><\/tbody><\/table><\/figure>\n\n\n\n<p class=\"has-text-color\" style=\"color:#e11bb0;font-size:24px\"><strong>CONTACTANOS<\/strong><\/p>\n\n\n\n<figure class=\"wp-block-table is-style-regular\"><table class=\"has-contrast-color has-text-color has-background has-fixed-layout\" style=\"background-color:#acbff7\"><tbody><tr><td class=\"has-text-align-center\" data-align=\"center\"><strong>Correo electr\u00f3nico<\/strong><br><img decoding=\"async\" style=\"width: 100px;\" src=\"https:\/\/iesbolivar-cba.infd.edu.ar\/sitio\/wp-content\/uploads\/2025\/02\/MAIL.jpeg\" alt=\"\"><br><a href=\"mailto:iesbolivar.depa@gmail.com\">iesbolivar.depa@gmail.com<\/a><\/td><td class=\"has-text-align-center\" data-align=\"center\"><strong>Whatsapp<\/strong><br><img decoding=\"async\" src=\"https:\/\/iesbolivar-cba.infd.edu.ar\/sitio\/wp-content\/uploads\/2025\/02\/WHATSAPP.jpeg\" alt=\"\" style=\"width: 100px;\"><br>351 8568183<\/td><\/tr><\/tbody><\/table><\/figure>\n","protected":false},"excerpt":{"rendered":"<p>La formaci\u00f3n docente es un pilar fundamental de la Educaci\u00f3n Superior, un proceso constante de perfeccionamiento y actualizaci\u00f3n profesional (Ley de Educaci\u00f3n Nacional 26.206, art. 43). Desde el DEPA IES SIM\u00d3N BOL\u00cdVAR generamos este espacio para que los docentes sean protagonistas de su propio aprendizaje, construyendo recursos para brindar a los estudiantes las mejores herramientas &#8230; <a title=\"FORMACION PERMANENTE\" class=\"read-more\" href=\"https:\/\/iesbolivar-cba.infd.edu.ar\/sitio\/area-de-desarrollo-profesional-docente\/\" aria-label=\"More on FORMACION PERMANENTE\">[+]<\/a><\/p>\n","protected":false},"author":4584,"featured_media":0,"parent":0,"menu_order":0,"comment_status":"closed","ping_status":"closed","template":"","meta":[],"acf":[],"_links":{"self":[{"href":"https:\/\/iesbolivar-cba.infd.edu.ar\/sitio\/wp-json\/wp\/v2\/pages\/4318"}],"collection":[{"href":"https:\/\/iesbolivar-cba.infd.edu.ar\/sitio\/wp-json\/wp\/v2\/pages"}],"about":[{"href":"https:\/\/iesbolivar-cba.infd.edu.ar\/sitio\/wp-json\/wp\/v2\/types\/page"}],"author":[{"embeddable":true,"href":"https:\/\/iesbolivar-cba.infd.edu.ar\/sitio\/wp-json\/wp\/v2\/users\/4584"}],"replies":[{"embeddable":true,"href":"https:\/\/iesbolivar-cba.infd.edu.ar\/sitio\/wp-json\/wp\/v2\/comments?post=4318"}],"version-history":[{"count":11,"href":"https:\/\/iesbolivar-cba.infd.edu.ar\/sitio\/wp-json\/wp\/v2\/pages\/4318\/revisions"}],"predecessor-version":[{"id":4598,"href":"https:\/\/iesbolivar-cba.infd.edu.ar\/sitio\/wp-json\/wp\/v2\/pages\/4318\/revisions\/4598"}],"wp:attachment":[{"href":"https:\/\/iesbolivar-cba.infd.edu.ar\/sitio\/wp-json\/wp\/v2\/media?parent=4318"}],"curies":[{"name":"wp","href":"https:\/\/api.w.org\/{rel}","templated":true}]}}