{"id":2991,"date":"2022-03-29T08:21:59","date_gmt":"2022-03-29T11:21:59","guid":{"rendered":"https:\/\/iesbolivar-cba.infd.edu.ar\/sitio\/?page_id=2991"},"modified":"2024-07-23T18:46:33","modified_gmt":"2024-07-23T21:46:33","slug":"i_congreso","status":"publish","type":"page","link":"https:\/\/iesbolivar-cba.infd.edu.ar\/sitio\/i_congreso\/","title":{"rendered":"Novedad"},"content":{"rendered":"\n<h3 class=\"wp-block-heading has-accent-color has-text-color\">Memorias del I Congreso Provincial de Institutos de Formaci\u00f3n Docente \u201cLos desaf\u00edos de la Formaci\u00f3n Docente Inicial: escenarios de resignificaci\u00f3n de las pr\u00e1cticas\u201d<\/h3>\n\n\n\n<p>El I Congreso Provincial de Institutos de Formaci\u00f3n Docente en C\u00f3rdoba, Argentina, fue un evento para repensar la educaci\u00f3n en la provincia. Reuni\u00f3 a docentes, investigadores, autoridades y especialistas para reimaginar la formaci\u00f3n docente y la pr\u00e1ctica educativa en el siglo XXI. El congreso se centr\u00f3 en dos ejes principales: a) La formaci\u00f3n docente en la modalidad combinada y b) el an\u00e1lisis de las pr\u00e1cticas docentes. Las Memorias del Congreso recopilan las intervenciones, ponencias y conferencias que tuvieron lugar durante el evento.<\/p>\n\n\n\n<p>Para visualizar y descargar las memorias&nbsp;<a href=\"https:\/\/drive.google.com\/file\/d\/1xUK6vdLIm-K9-pZYCQX5gSjpxxxb6oZ0\/view?usp=sharing\">aqu\u00ed<\/a>.<\/p>\n\n\n\n<figure class=\"wp-block-image is-resized\"><img decoding=\"async\" loading=\"lazy\" src=\"https:\/\/iesbolivar-cba.infd.edu.ar\/sitio\/wp-content\/uploads\/2024\/07\/Recibidos-8-077-gpinque-gmail-com-Gmail.png\" alt=\"\" class=\"wp-image-4096\" width=\"361\" height=\"513\"\/><\/figure>\n\n\n\n<p><\/p>\n","protected":false},"excerpt":{"rendered":"<p>Memorias del I Congreso Provincial de Institutos de Formaci\u00f3n Docente \u201cLos desaf\u00edos de la Formaci\u00f3n Docente Inicial: escenarios de resignificaci\u00f3n de las pr\u00e1cticas\u201d El I Congreso Provincial de Institutos de Formaci\u00f3n Docente en C\u00f3rdoba, Argentina, fue un evento para repensar la educaci\u00f3n en la provincia. Reuni\u00f3 a docentes, investigadores, autoridades y especialistas para reimaginar la &#8230; <a title=\"Novedad\" class=\"read-more\" href=\"https:\/\/iesbolivar-cba.infd.edu.ar\/sitio\/i_congreso\/\" aria-label=\"More on Novedad\">[+]<\/a><\/p>\n","protected":false},"author":3377,"featured_media":0,"parent":0,"menu_order":0,"comment_status":"closed","ping_status":"closed","template":"","meta":[],"acf":[],"_links":{"self":[{"href":"https:\/\/iesbolivar-cba.infd.edu.ar\/sitio\/wp-json\/wp\/v2\/pages\/2991"}],"collection":[{"href":"https:\/\/iesbolivar-cba.infd.edu.ar\/sitio\/wp-json\/wp\/v2\/pages"}],"about":[{"href":"https:\/\/iesbolivar-cba.infd.edu.ar\/sitio\/wp-json\/wp\/v2\/types\/page"}],"author":[{"embeddable":true,"href":"https:\/\/iesbolivar-cba.infd.edu.ar\/sitio\/wp-json\/wp\/v2\/users\/3377"}],"replies":[{"embeddable":true,"href":"https:\/\/iesbolivar-cba.infd.edu.ar\/sitio\/wp-json\/wp\/v2\/comments?post=2991"}],"version-history":[{"count":69,"href":"https:\/\/iesbolivar-cba.infd.edu.ar\/sitio\/wp-json\/wp\/v2\/pages\/2991\/revisions"}],"predecessor-version":[{"id":4101,"href":"https:\/\/iesbolivar-cba.infd.edu.ar\/sitio\/wp-json\/wp\/v2\/pages\/2991\/revisions\/4101"}],"wp:attachment":[{"href":"https:\/\/iesbolivar-cba.infd.edu.ar\/sitio\/wp-json\/wp\/v2\/media?parent=2991"}],"curies":[{"name":"wp","href":"https:\/\/api.w.org\/{rel}","templated":true}]}}