{"id":2604,"date":"2020-12-03T13:14:33","date_gmt":"2020-12-03T16:14:33","guid":{"rendered":"https:\/\/iesbolivar-cba.infd.edu.ar\/sitio\/?page_id=2604"},"modified":"2025-11-04T12:53:20","modified_gmt":"2025-11-04T15:53:20","slug":"pre-matriculas-2024-a-carreras-de-nivel-superior","status":"publish","type":"page","link":"https:\/\/iesbolivar-cba.infd.edu.ar\/sitio\/pre-matriculas-2024-a-carreras-de-nivel-superior\/","title":{"rendered":""},"content":{"rendered":"\n<p><\/p>\n\n\n\n<h5 class=\"wp-block-heading has-text-align-center\"><\/h5>\n\n\n\n<p><\/p>\n\n\n\n<p><\/p>\n\n\n\n<p><\/p>\n\n\n\n<h2 class=\"wp-block-heading\">PRE INSCRIPCIONES<\/h2>\n\n\n<p><span style=\"font-weight: 400;\">Las pre-matriculaciones de aspirantes a las carreras que dicta el IES Sim\u00f3n Bol\u00edvar se llevan a cabo entre octubre y diciembre de cada a\u00f1o y se informan por la p\u00e1gina web. El procedimiento y los requisitos para pre inscribirse es el siguiente.&nbsp;<\/span><\/p>\n<h3><span style=\"color: #ff6600;\">Procedimiento de pre-matriculaci\u00f3n<\/span><\/h3>\n<p><span style=\"font-weight: 400;\">El <strong>procedimiento<\/strong> de pre matriculaci\u00f3n de aspirantes consta de <\/span><b>dos pasos, <\/b>ambos de car\u00e1cter obligatorio y excluyentes<b>: <\/b><\/p>\n<ol>\n<li><span style=\"font-weight: 400;\">En el primer paso, los aspirantes deben completar virtualmente su pre matriculaci\u00f3n en la <strong>Plataforma Ciudadano<\/strong>&nbsp;<strong>Digital (CIDI) del Ministerio de Educaci\u00f3n (<\/strong>ver instrucciones m\u00e1s abajo).<\/span><\/li>\n<li><span style=\"font-weight: 400;\">E<\/span><span style=\"font-weight: 400;\">n el segundo paso, el aspirante debe confirmar personalmente su <\/span><span style=\"font-size: 12pt;\"><span style=\"font-size: 12pt;\">pre matriculaci\u00f3n y presentar la constancia digital emitida por la Plataforma Ciudadano Digital (puede ser una captura de pantalla, foto o archivo descargado en el celular). <em>No se considerar\u00e1n los tr\u00e1mites de pre matriculaci\u00f3n que no hayan cumplido con estos pasos en tiempo y forma. \u00e7<\/em><\/span><\/span><\/li>\n<\/ol>\n<h3><b style=\"color: #ff6600; font-size: inherit;\">Primer paso: pre matriculaci\u00f3n virtual en CIDI<\/b><\/h3>\n<p><span style=\"font-weight: 400;\">Para completar la pre matricular\u00edan virtual debe acceder al sitio de <strong><em>Gesti\u00f3n de Estudiantes<\/em> <em>del Ministerio de Educaci\u00f3n<\/em><\/strong> haciendo clic <\/span><a href=\"https:\/\/www.cba.gov.ar\/gestion-estudiantes\/\"><b>aqu\u00ed, <\/b><\/a>seleccionar la opci\u00f3n <strong>\u00abPre matricula &#8211; Nivel Superior\u00bb <\/strong>y elegir el instituto y la carrera en que se inscribe<strong>.<\/strong><\/p>\n<p><img decoding=\"async\" loading=\"lazy\" class=\"wp-image-3840 aligncenter\" src=\"https:\/\/iesbolivar-cba.infd.edu.ar\/sitio\/wp-content\/uploads\/2023\/11\/gestion-1000x649.png\" alt=\"\" width=\"576\" height=\"374\" srcset=\"https:\/\/iesbolivar-cba.infd.edu.ar\/sitio\/wp-content\/uploads\/2023\/11\/gestion-1000x649.png 1000w, https:\/\/iesbolivar-cba.infd.edu.ar\/sitio\/wp-content\/uploads\/2023\/11\/gestion-768x498.png 768w, https:\/\/iesbolivar-cba.infd.edu.ar\/sitio\/wp-content\/uploads\/2023\/11\/gestion.png 1267w\" sizes=\"(max-width: 576px) 100vw, 576px\" \/><\/p>\n<p>Al hacer este tr\u00e1mite, y ante cualquier duda, tenga en cuenta que tanto el IES Sim\u00f3n Bol\u00edvar como la sede Anexo de Barrio Villa del Libertador (donde se dicta el <span style=\"color: #000000;\">Profesorado de Educaci\u00f3n Secundaria en Lengua y Literatura) se identifican en la plataforma de pre matriculaci\u00f3n con \u00abC<\/span>\u00f3digos de Empresa\u00bb:<\/p>\n<ul>\n<li><strong>EE0330018<\/strong>, para el INSTITUTO DE ENSE\u00d1ANZA SUPERIOR SIM\u00d3N BOL\u00cdVAR<\/li>\n<li>y <strong>EE0310176<\/strong>, para el INSTITUTO DE ENSE\u00d1ANZA SUPERIOR SIM\u00d3N BOL\u00cdVAR ANEXO &#8211; VILLA LIBERTADOR.<\/li>\n<\/ul>\n<p><span style=\"font-weight: 400;\">Adem\u00e1s, tenga en cuenta que:<\/span><\/p>\n<ul>\n<li style=\"font-weight: 400;\"><span style=\"font-weight: 400;\">1) para ingresar al sitio de pre matriculaci\u00f3n debe utilizar su usuario de Ciudadano Digital (CIDI), que consiste en su n\u00famero de CUIL y su clave personal. Si a\u00fan no tiene un usuario ni clave en CIDI siga las instrucciones que se detallan en esta p\u00e1gina &gt;&gt;<\/span><a href=\"https:\/\/iesbolivar-cba.infd.edu.ar\/sitio\/como-crear-una-cuenta-en-ciudadano-digital\/\"> <span style=\"font-weight: 400;\">acceder<\/span><\/a><span style=\"font-weight: 400;\">.<\/span><\/li>\n<li style=\"font-weight: 400;\"><span style=\"font-weight: 400;\">2) Una vez que haya ingresado al sitio de pre matriculaci\u00f3n, siga los pasos que se muestran en el siguiente instructivo publicado a continuaci\u00f3n.<\/span><\/li>\n<li style=\"font-weight: 400;\"><span style=\"font-weight: 400;\">3) Finalmente, deber\u00e1 imprimir, descargar o tomar una fotograf\u00eda de la pantalla donde se visualice claramente la constancia de preinscripci\u00f3n emitida por el sistema. Si tiene dudas puede consultar este &gt;&gt;<a href=\"https:\/\/www.cba.gov.ar\/wp-content\/4p96humuzp\/2015\/02\/400-Superior-Prematriculaci%C3%B3n-Aspirantes.pdf\"> instructivo<\/a>.<\/span><\/li>\n<\/ul>\n<h3><strong><span style=\"color: #ff6600;\">Segundo paso: confirmar la prematriculaci\u00f3n&nbsp;<\/span><\/strong><\/h3>\n<p><span style=\"font-weight: 400;\">Una vez realizada la prematriculaci\u00f3n en CIDI, deber\u00e1 confirmar personalmente su prematriculaci\u00f3n<strong><span style=\"font-size: 12pt;\"><b><span style=\"color: #ff0000;\">,<\/span><\/b><\/span><\/strong><span style=\"color: #ff0000;\">&nbsp;<\/span>presentando una foto digital o una captura de pantalla del celular de la <strong>constancia de prematriculaci\u00f3n<\/strong> emitida por la plataforma Ciudadano Digital. <\/span><span style=\"font-weight: 400;\">La presentaci\u00f3n de esta constancia se realiza en la sede central del IES Sim\u00f3n Bol\u00edvar, ubicada en Agust\u00edn Garz\u00f3n 1255, Barrio San Vicente.&nbsp;<\/span><\/p>\n<p><span style=\"font-weight: 400;\">Adem\u00e1s, tenga en cuenta que al momento de presentar personalmente la constancia digital de prematriculaci\u00f3n en la sede del Instituto, deber\u00e1:<\/span><\/p>\n<p><span style=\"font-weight: 400;\">a) completar el <strong>Formulario electr\u00f3nico de Pre Matriculaci\u00f3n <\/strong>con sus datos personales (reiteramos, este formulario se completa en la sede del Instituto),<br><\/span><span style=\"font-weight: 400;\">b) y abonar el costo de la matr\u00edcula (monto a confirmar)<\/span><span style=\"font-size: inherit;\">.<\/span><\/p>\n<h3><span style=\"color: #ff6600;\"><br>Matriculaci\u00f3n definitiva<\/span><\/h3>\n<p><span style=\"font-weight: 400;\">Cuando concurra al Instituto a presentar la constancia digital de inscripci\u00f3n, se informan los pasos y documentaci\u00f3n requerida para su matr\u00edcula.<\/span><\/p>\n<p><\/p>\n<h2><span style=\"color: #808080;\">M\u00c1S INFORMACI\u00d3N<\/span><\/h2>\n<h2><span style=\"color: #ff6600;\"><b>Carreras, duraci\u00f3n y horarios de cursado<\/b><\/span><\/h2>\n<p><span style=\"color: #000000;\">Las carreras ofrecidas en el IES Sim\u00f3n Bol\u00edvar se dictan en los horarios que se detallan a continuaci\u00f3n.&nbsp;<\/span><\/p>\n<p><span style=\"color: #000000;\"><b>Profesorado de Educaci\u00f3n Secundaria en Matem\u00e1tica<\/b><span style=\"font-weight: 400;\"><br><\/span><span style=\"font-weight: 400;\">Horario de Cursado: lunes a viernes de 13,00 a 17,50 hs.<\/span><span style=\"font-weight: 400;\"><br><\/span><span style=\"font-weight: 400;\">Duraci\u00f3n de la carrera: 4 A\u00f1os<\/span><\/span><\/p>\n<p><span style=\"color: #000000;\"><b>Profesorado de Educaci\u00f3n Secundaria en F\u00edsica <\/b><span style=\"font-weight: 400;\"><br><\/span><span style=\"font-weight: 400;\">Horario de Cursado: lunes a viernes de 17,50 a 22,40 hs.<\/span><span style=\"font-weight: 400;\"><br><\/span><span style=\"font-weight: 400;\">Duraci\u00f3n de la carrera: 4 A\u00f1os<\/span><\/span><\/p>\n<p><span style=\"color: #000000;\"><b>Profesorado de Educaci\u00f3n Secundaria en Qu\u00edmica<\/b><span style=\"font-weight: 400;\"><br><\/span><span style=\"font-weight: 400;\">Horario de Cursado: lunes a viernes de 17,50 a 22,40 hs.<\/span><span style=\"font-weight: 400;\"><br><\/span><span style=\"font-weight: 400;\">Duraci\u00f3n de la carrera: 4 A\u00f1os.<\/span><\/span><\/p>\n<p><span style=\"color: #000000;\"><b>Profesorado de Educaci\u00f3n Secundaria en Lengua y Literatura <\/b><span style=\"font-weight: 400;\"><br><\/span><span style=\"font-weight: 400;\">Horarios de Cursado: lunes a viernes de 8,00 a 13,00 hs., turno ma\u00f1ana; de 17,50 a 22,40 hs.. Turno noche y Anexo Villa del Libertador.<\/span><span style=\"font-weight: 400;\"><br><\/span><span style=\"font-weight: 400;\">Duraci\u00f3n de la carrera: 4 A\u00f1os<\/span><\/span><\/p>\n<p><span style=\"color: #000000;\"><b>Profesorado de Educaci\u00f3n Secundaria en Geograf\u00eda<\/b><span style=\"font-weight: 400;\"><br><\/span><span style=\"font-weight: 400;\">Horario de Cursado: lunes a viernes de 17,50 a 22, 40 hs<\/span><span style=\"font-weight: 400;\"><br><\/span><span style=\"font-weight: 400;\">Duraci\u00f3n de la carrera: 4 A\u00f1os<\/span><\/span><\/p>\n<p><span style=\"color: #000000;\"><b>Profesorado de Educaci\u00f3n Secundaria en Biolog\u00eda<\/b><span style=\"font-weight: 400;\"><br><\/span><span style=\"font-weight: 400;\">Horario de Cursado: lunes a viernes de 13,00 a 17,50 hs.<\/span><span style=\"font-weight: 400;\"><br><\/span><span style=\"font-weight: 400;\">Duraci\u00f3n de la carrera: 4 A\u00f1os<\/span><\/span><\/p>\n<p><span style=\"color: #000000;\"><b>Profesorado de Educaci\u00f3n Secundaria en Historia<\/b><span style=\"font-weight: 400;\"><br><\/span><span style=\"font-weight: 400;\">Horario de Cursado: lunes a viernes de 8,00 a 13,00 hs.<\/span><span style=\"font-weight: 400;\"><br><\/span><span style=\"font-weight: 400;\">Duraci\u00f3n de la carrera: 4 A\u00f1os<\/span><\/span><\/p>\n<p><span style=\"color: #000000;\"><b>Profesorado de Ingl\u00e9s<\/b><span style=\"font-weight: 400;\"><br><\/span><span style=\"font-weight: 400;\">Horario de Cursado: lunes a viernes de 8,00 a 13,00 hs.<\/span><span style=\"font-weight: 400;\"><br><\/span><span style=\"font-weight: 400;\">Duraci\u00f3n de la carrera: 4 A\u00f1os<\/span><\/span><\/p>\n<h2><span style=\"color: #ff6600;\">Cursillo de ingreso<\/span><\/h2>\n<p>Los ingresantes a todas las carreras que ofrece el Instituto deben cursar tres instancias preparatorias y formativas que se cursan de manera alternada durante el mes de marzo de cada a\u00f1o: los seminarios \u00abAlfabetizaci\u00f3n Digital\u00bb, el \u00abEl oficio de Ense\u00f1ar\u00bb y \u00abAlfabetizaci\u00f3n Acad\u00e9mica\u00bb. El cursado es obligatorio, no es eliminatorio. Los materiales de lectura de los seminarios se ponen a disposici\u00f3n de los ingresantes en la p\u00e1gina web del Instituto, durante la semana previa al inicio del cursillo.<\/p>\n<h2><span style=\"color: #ff6600;\">Sede Villa del Libertador del IES Sim\u00f3n Bol\u00edvar<\/span><\/h2>\n<p>EL&nbsp;<strong>IES Sim\u00f3n Bol\u00edvar<\/strong>&nbsp;cuenta con un&nbsp;<em><strong>Anexo<\/strong>&nbsp;<\/em>en Villa El Libertador donde se dicta desde 2015 el Profesorado en educaci\u00f3n secundaria de Lengua y Literatura. El Anexo funciona en la <strong>Escuela Juana Marta Gonz\u00e1lez<\/strong>, ubicada en la calle Defensa 60, en el horario de 18 a 22 hs..<\/p>\n<h3><span style=\"color: #ff6600;\"><b>Planes de estudio<\/b><\/span><\/h3>\n<p><span style=\"color: #000000;\"><span style=\"font-weight: 400;\">Los <strong>Planes de estudios de las carreras<\/strong> est\u00e1n disponibles en la p\u00e1gina web del Instituto: <\/span><span style=\"color: #0000ff;\"><strong><a style=\"color: #0000ff;\" href=\"https:\/\/iesbolivar-cba.infd.edu.ar\/sitio\/carreras\/\">https:\/\/iesbolivar-cba.infd.edu.ar\/sitio\/carreras\/<\/a><\/strong><\/span><\/span><\/p>\n<h3><span style=\"color: #ff6600;\"><b>Tr\u00e1mite de equivalencia por asignaturas cursadas en otras carreras<\/b><\/span><\/h3>\n<p><span style=\"font-weight: 400;\">Lo\/as ingresantes que hayan cursado estudios superiores en otros Institutos de Educaci\u00f3n Superior o en Universidades, con reconocimiento oficial, y deseen solicitar la aprobaci\u00f3n de asignaturas por equivalencia, que se encuentren comprendidas en el Plan de Estudio dela Carrera que cursa, deber\u00e1n presentar la solicitud y la documentaci\u00f3n correspondiente seg\u00fan Procedimiento Institucional.&nbsp;&nbsp;<\/span><\/p>\n<h5 style=\"text-align: center;\">&nbsp;<\/h5>","protected":false},"excerpt":{"rendered":"<p>PRE INSCRIPCIONES Las pre-matriculaciones de aspirantes a las carreras que dicta el IES Sim\u00f3n Bol\u00edvar se llevan a cabo entre octubre y diciembre de cada a\u00f1o y se informan por la p\u00e1gina web. El procedimiento y los requisitos para pre inscribirse es el siguiente.&nbsp; Procedimiento de pre-matriculaci\u00f3n El procedimiento de pre matriculaci\u00f3n de aspirantes consta &#8230; <a title=\"\" class=\"read-more\" href=\"https:\/\/iesbolivar-cba.infd.edu.ar\/sitio\/pre-matriculas-2024-a-carreras-de-nivel-superior\/\" aria-label=\"More on \">[+]<\/a><\/p>\n","protected":false},"author":3377,"featured_media":0,"parent":0,"menu_order":0,"comment_status":"closed","ping_status":"closed","template":"","meta":[],"acf":[],"_links":{"self":[{"href":"https:\/\/iesbolivar-cba.infd.edu.ar\/sitio\/wp-json\/wp\/v2\/pages\/2604"}],"collection":[{"href":"https:\/\/iesbolivar-cba.infd.edu.ar\/sitio\/wp-json\/wp\/v2\/pages"}],"about":[{"href":"https:\/\/iesbolivar-cba.infd.edu.ar\/sitio\/wp-json\/wp\/v2\/types\/page"}],"author":[{"embeddable":true,"href":"https:\/\/iesbolivar-cba.infd.edu.ar\/sitio\/wp-json\/wp\/v2\/users\/3377"}],"replies":[{"embeddable":true,"href":"https:\/\/iesbolivar-cba.infd.edu.ar\/sitio\/wp-json\/wp\/v2\/comments?post=2604"}],"version-history":[{"count":146,"href":"https:\/\/iesbolivar-cba.infd.edu.ar\/sitio\/wp-json\/wp\/v2\/pages\/2604\/revisions"}],"predecessor-version":[{"id":4577,"href":"https:\/\/iesbolivar-cba.infd.edu.ar\/sitio\/wp-json\/wp\/v2\/pages\/2604\/revisions\/4577"}],"wp:attachment":[{"href":"https:\/\/iesbolivar-cba.infd.edu.ar\/sitio\/wp-json\/wp\/v2\/media?parent=2604"}],"curies":[{"name":"wp","href":"https:\/\/api.w.org\/{rel}","templated":true}]}}